{"id":1450,"date":"2023-11-15T09:47:30","date_gmt":"2023-11-15T08:47:30","guid":{"rendered":"https:\/\/www.frontbrakelights.com\/ueber-dasvordere-bremslicht\/"},"modified":"2023-11-28T12:08:06","modified_gmt":"2023-11-28T11:08:06","slug":"ueber-dasvordere-bremslicht","status":"publish","type":"page","link":"https:\/\/www.frontbrakelights.com\/de\/ueber-dasvordere-bremslicht\/","title":{"rendered":"\u00dcber das <br>vordere Bremslicht"},"content":{"rendered":"<div id=\"pl-1450\"  class=\"panel-layout\" ><div id=\"pg-1450-0\"  class=\"panel-grid panel-no-style\" ><div id=\"pgc-1450-0-0\"  class=\"panel-grid-cell\" ><div id=\"panel-1450-0-0-0\" class=\"so-panel widget widget_sow-editor panel-first-child panel-last-child\" data-index=\"0\" ><div\n\t\t\t\n\t\t\tclass=\"so-widget-sow-editor so-widget-sow-editor-base\"\n\t\t\t\n\t\t>\n<div class=\"siteorigin-widget-tinymce textwidget\">\n\t<h3><span class=\"green\">Der Stra\u00dfenverkehr<\/span> ist f\u00fcr fast alle Mitglieder der Gesellschaft ein Teil des Alltags.<\/h3>\n<p>Deshalb ist die Verkehrssicherheit ein allgegenw\u00e4rtiges Problem, dessen Bedeutung mit der zunehmenden Verkehrsdichte auf den Stra\u00dfen w\u00e4chst. Laut der Verkehrssicherheitsstudie \"Runter vom Gas\" sind von einem Verkehrsunfallopfer durchschnittlich bis zu 113 weitere Personen betroffen. Dabei handelt es sich um Familienmitglieder, Freunde, Bekannte oder Rettungskr\u00e4fte, die Polizei. <\/p>\n<p>Jedes Jahr sterben in der Europ\u00e4ischen Union (EU) etwa 25 Tausend Menschen im Stra\u00dfenverkehr, weitere 135 Tausend werden schwer verletzt, und die Kosten f\u00fcr medizinische Versorgung, Rehabilitation und Arbeitsausfall belaufen sich auf etwa 120 Milliarden Euro pro Jahr. Deshalb hat sich die EU - neben der Erkl\u00e4rung \"Zehn Jahre Sicherheit im Stra\u00dfenverkehr\" - das Ziel gesetzt, die Zahl der Toten und Schwerverletzten im Stra\u00dfenverkehr bis 2030 zu halbieren.  Um dieses Ziel zu erreichen, muss jede Gelegenheit zur Verbesserung der Stra\u00dfenverkehrssicherheit genutzt werden. <\/p>\n<\/div>\n<\/div><\/div><\/div><div id=\"pgc-1450-0-1\"  class=\"panel-grid-cell\" ><div id=\"panel-1450-0-1-0\" class=\"so-panel widget widget_sow-image panel-first-child panel-last-child\" data-index=\"1\" ><div\n\t\t\t\n\t\t\tclass=\"so-widget-sow-image so-widget-sow-image-default-8b5b6f678277-1450\"\n\t\t\t\n\t\t>\n\n<div class=\"sow-image-container\">\n\t\t<img decoding=\"async\" src=\"https:\/\/www.frontbrakelights.com\/wp-content\/uploads\/2023\/11\/REE_0512-e1700038321233.jpg\" width=\"1365\" height=\"1225\" srcset=\"https:\/\/www.frontbrakelights.com\/wp-content\/uploads\/2023\/11\/REE_0512-e1700038321233.jpg 1365w, https:\/\/www.frontbrakelights.com\/wp-content\/uploads\/2023\/11\/REE_0512-e1700038321233-300x269.jpg 300w, https:\/\/www.frontbrakelights.com\/wp-content\/uploads\/2023\/11\/REE_0512-e1700038321233-1024x919.jpg 1024w, https:\/\/www.frontbrakelights.com\/wp-content\/uploads\/2023\/11\/REE_0512-e1700038321233-768x689.jpg 768w\" sizes=\"auto, (max-width: 1365px) 100vw, 1365px\" title=\"REE_0512\" alt=\"\" loading=\"lazy\" \t\tclass=\"so-widget-image\"\/>\n\t<\/div>\n\n<\/div><\/div><\/div><\/div><div id=\"pg-1450-1\"  class=\"panel-grid panel-no-style\" ><div id=\"pgc-1450-1-0\"  class=\"panel-grid-cell\" ><div id=\"panel-1450-1-0-0\" class=\"so-panel widget widget_sow-image panel-first-child panel-last-child\" data-index=\"2\" ><div\n\t\t\t\n\t\t\tclass=\"so-widget-sow-image so-widget-sow-image-default-8b5b6f678277-1450\"\n\t\t\t\n\t\t>\n\n<div class=\"sow-image-container\">\n\t\t<img decoding=\"async\" src=\"https:\/\/www.frontbrakelights.com\/wp-content\/uploads\/2023\/11\/DEVIN-119.jpg\" width=\"2500\" height=\"1667\" srcset=\"https:\/\/www.frontbrakelights.com\/wp-content\/uploads\/2023\/11\/DEVIN-119.jpg 2500w, https:\/\/www.frontbrakelights.com\/wp-content\/uploads\/2023\/11\/DEVIN-119-300x200.jpg 300w, https:\/\/www.frontbrakelights.com\/wp-content\/uploads\/2023\/11\/DEVIN-119-1024x683.jpg 1024w, https:\/\/www.frontbrakelights.com\/wp-content\/uploads\/2023\/11\/DEVIN-119-272x182.jpg 272w\" sizes=\"auto, (max-width: 2500px) 100vw, 2500px\" alt=\"\" loading=\"lazy\" \t\tclass=\"so-widget-image\"\/>\n\t<\/div>\n\n<\/div><\/div><\/div><div id=\"pgc-1450-1-1\"  class=\"panel-grid-cell\" ><div id=\"panel-1450-1-1-0\" class=\"so-panel widget widget_sow-editor panel-first-child panel-last-child\" data-index=\"3\" ><div\n\t\t\t\n\t\t\tclass=\"so-widget-sow-editor so-widget-sow-editor-base\"\n\t\t\t\n\t\t>\n<div class=\"siteorigin-widget-tinymce textwidget\">\n\t<h4>In Anbetracht des Dreiecksverh\u00e4ltnisses zwischen Mensch, Fahrzeug und Umweltfaktoren muss der <span class=\"green\">Fortschritt in der Stra\u00dfenverkehrssicherheit immer eine Vielzahl von Innovationen umfassen.<\/span><\/h4>\n<p>Eine davon k\u00f6nnte das Vordere Bremsleuchte sein, eine vorne am Fahrzeug angebrachte und positionierte Leuchte, die gleichzeitig mit den hinteren Bremsleuchten aufleuchtet und entgegenkommende Verkehrsteilnehmer auf das Abbremsen des Fahrzeugs hinweist.<\/p>\n<\/div>\n<\/div><\/div><\/div><\/div><div id=\"pg-1450-2\"  class=\"panel-grid panel-has-style\" ><div class=\"panel-row-style panel-row-style-for-1450-2\" ><div id=\"pgc-1450-2-0\"  class=\"panel-grid-cell panel-grid-cell-empty\" ><\/div><div id=\"pgc-1450-2-1\"  class=\"panel-grid-cell panel-grid-cell-mobile-last\" ><div id=\"panel-1450-2-1-0\" class=\"so-panel widget widget_sow-editor panel-first-child panel-last-child\" data-index=\"4\" ><div\n\t\t\t\n\t\t\tclass=\"so-widget-sow-editor so-widget-sow-editor-base\"\n\t\t\t\n\t\t>\n<div class=\"siteorigin-widget-tinymce textwidget\">\n\t<h2 style=\"text-align: center;\">Wissenschaftlicher Ansatz<\/h2>\n<\/div>\n<\/div><\/div><\/div><div id=\"pgc-1450-2-2\"  class=\"panel-grid-cell panel-grid-cell-empty\" ><\/div><\/div><\/div><div id=\"pg-1450-3\"  class=\"panel-grid panel-has-style\" ><div class=\"panel-row-style panel-row-style-for-1450-3\" ><div id=\"pgc-1450-3-0\"  class=\"panel-grid-cell\" ><div id=\"panel-1450-3-0-0\" class=\"so-panel widget widget_sow-editor panel-first-child panel-last-child\" data-index=\"5\" ><div\n\t\t\t\n\t\t\tclass=\"so-widget-sow-editor so-widget-sow-editor-base\"\n\t\t\t\n\t\t>\n<div class=\"siteorigin-widget-tinymce textwidget\">\n\t<h3>Bereits 1971 wurde in den USA die erste Studie<span class=\"green\">\u00fcber den Nutzen eines vorderen Bremslichts<\/span> an mehreren Fahrzeugen durchgef\u00fchrt.<\/h3>\n<p>. Sowohl die Studienteilnehmer als auch die Kontrollgruppe empfanden das vordere Bremslicht nach dem Test als n\u00fctzlich f\u00fcr die Kommunikation mit anderen Fahrern und Fu\u00dfg\u00e4ngern - insbesondere bei schlechten Lichtverh\u00e4ltnissen - und auch f\u00fcr die Umsetzung ihrer Verhaltensabsichten w\u00e4hrend der Fahrt.<\/p>\n<p>Um diese Ergebnisse genauer zu untersuchen, wurde 2016 eine Laborstudie durchgef\u00fchrt, die auch das Informationsgef\u00e4lle zwischen Autofahrern und Fu\u00dfg\u00e4ngern verdeutlichte. <\/p>\n<\/div>\n<\/div><\/div><\/div><div id=\"pgc-1450-3-1\"  class=\"panel-grid-cell\" ><div id=\"panel-1450-3-1-0\" class=\"so-panel widget widget_sow-image panel-first-child panel-last-child\" data-index=\"6\" ><div\n\t\t\t\n\t\t\tclass=\"so-widget-sow-image so-widget-sow-image-default-8b5b6f678277-1450\"\n\t\t\t\n\t\t>\n\n<div class=\"sow-image-container\">\n\t\t<img decoding=\"async\" src=\"https:\/\/www.frontbrakelights.com\/wp-content\/uploads\/2023\/11\/01-e1700039048584.jpg\" width=\"1266\" height=\"821\" srcset=\"https:\/\/www.frontbrakelights.com\/wp-content\/uploads\/2023\/11\/01-e1700039048584.jpg 1266w, https:\/\/www.frontbrakelights.com\/wp-content\/uploads\/2023\/11\/01-e1700039048584-300x195.jpg 300w, https:\/\/www.frontbrakelights.com\/wp-content\/uploads\/2023\/11\/01-e1700039048584-1024x664.jpg 1024w, https:\/\/www.frontbrakelights.com\/wp-content\/uploads\/2023\/11\/01-e1700039048584-768x498.jpg 768w\" sizes=\"auto, (max-width: 1266px) 100vw, 1266px\" title=\"01\" alt=\"\" loading=\"lazy\" \t\tclass=\"so-widget-image\"\/>\n\t<\/div>\n\n<\/div><\/div><\/div><\/div><\/div><div id=\"pg-1450-4\"  class=\"panel-grid panel-has-style\" ><div class=\"panel-row-style panel-row-style-for-1450-4\" ><div id=\"pgc-1450-4-0\"  class=\"panel-grid-cell\" ><div id=\"panel-1450-4-0-0\" class=\"so-panel widget widget_sow-editor panel-first-child panel-last-child\" data-index=\"7\" ><div\n\t\t\t\n\t\t\tclass=\"so-widget-sow-editor so-widget-sow-editor-base\"\n\t\t\t\n\t\t>\n<div class=\"siteorigin-widget-tinymce textwidget\">\n\t<h4 style=\"text-align: left;\">W\u00e4hrend Autofahrer sich auf die Bewegungsrichtung und K\u00f6rpersprache von Fu\u00dfg\u00e4ngern verlassen k\u00f6nnen, um deren Absichten zu verstehen, haben Fu\u00dfg\u00e4nger selbst - insbesondere bei Gegenverkehr - nur sehr wenige Informationen \u00fcber die zuk\u00fcnftigen Handlungen und Verhaltensweisen der Autofahrer.<\/h4>\n<\/div>\n<\/div><\/div><\/div><div id=\"pgc-1450-4-1\"  class=\"panel-grid-cell\" ><div id=\"panel-1450-4-1-0\" class=\"so-panel widget widget_sow-editor panel-first-child panel-last-child\" data-index=\"8\" ><div\n\t\t\t\n\t\t\tclass=\"so-widget-sow-editor so-widget-sow-editor-base\"\n\t\t\t\n\t\t>\n<div class=\"siteorigin-widget-tinymce textwidget\">\n\t<p style=\"padding-top:15px\">Ohne ein spezielles Signal an der Fahrzeugfront (z. B. ein vorderes Bremslicht) ist es f\u00fcr Fu\u00dfg\u00e4nger wesentlich schwieriger zu erkennen, ob das Fahrzeug bremst. Dieses Problem ist besonders gravierend bei Fu\u00dfg\u00e4nger\u00fcberwegen oder beim \u00dcberqueren einer Seitenstra\u00dfe vor einem abbiegenden Fahrzeug. Dies sind Situationen, in denen es h\u00e4ufig zu Kollisionen kommt. <\/p>\n<\/div>\n<\/div><\/div><\/div><\/div><\/div><div id=\"pg-1450-5\"  class=\"panel-grid panel-has-style\" ><div class=\"panel-row-style panel-row-style-for-1450-5\" ><div id=\"pgc-1450-5-0\"  class=\"panel-grid-cell\" ><div id=\"panel-1450-5-0-0\" class=\"so-panel widget widget_sow-image panel-first-child panel-last-child\" data-index=\"9\" ><div\n\t\t\t\n\t\t\tclass=\"so-widget-sow-image so-widget-sow-image-default-8b5b6f678277-1450\"\n\t\t\t\n\t\t>\n\n<div class=\"sow-image-container\">\n\t\t<img decoding=\"async\" src=\"https:\/\/www.frontbrakelights.com\/wp-content\/uploads\/2023\/11\/image-1.jpeg\" width=\"1800\" height=\"1200\" srcset=\"https:\/\/www.frontbrakelights.com\/wp-content\/uploads\/2023\/11\/image-1.jpeg 1800w, https:\/\/www.frontbrakelights.com\/wp-content\/uploads\/2023\/11\/image-1-300x200.jpeg 300w, https:\/\/www.frontbrakelights.com\/wp-content\/uploads\/2023\/11\/image-1-1024x683.jpeg 1024w, https:\/\/www.frontbrakelights.com\/wp-content\/uploads\/2023\/11\/image-1-272x182.jpeg 272w\" sizes=\"auto, (max-width: 1800px) 100vw, 1800px\" title=\"image\" alt=\"\" loading=\"lazy\" \t\tclass=\"so-widget-image\"\/>\n\t<\/div>\n\n<\/div><\/div><\/div><div id=\"pgc-1450-5-1\"  class=\"panel-grid-cell\" ><div id=\"panel-1450-5-1-0\" class=\"so-panel widget widget_sow-editor panel-first-child panel-last-child\" data-index=\"10\" ><div\n\t\t\t\n\t\t\tclass=\"so-widget-sow-editor so-widget-sow-editor-base\"\n\t\t\t\n\t\t>\n<div class=\"siteorigin-widget-tinymce textwidget\">\n\t<p>Auf dieser Grundlage wurde 2017 am Flughafen Berlin-Tegel ein umfangreicherer Feldversuch durchgef\u00fchrt und mittels Frageb\u00f6gen ausgewertet, bei dem Fahrerinnen und Fahrer von Fahrzeugen, die mit einem vorderen Bremslicht ausgestattet sind, sowie andere Verkehrsteilnehmerinnen und -teilnehmer, die diesen Fahrzeugen im Stra\u00dfenverkehr begegnen, mit ihnen konfrontiert wurden Die Ergebnisse zeigten erneut eine breite Unterst\u00fctzung und Akzeptanz des Konzepts.<\/p>\n<h5>Offene Kommentare: Beispiele f\u00fcr Kommentare, die Unterst\u00fctzung und Wertsch\u00e4tzung des Konzepts zum Ausdruck bringen (die Anzahl der Befragten ist in Klammern angegeben)<\/h5>\n<\/div>\n<\/div><\/div><\/div><\/div><\/div><div id=\"pg-1450-6\"  class=\"panel-grid panel-has-style\" ><div class=\"panel-row-style panel-row-style-for-1450-6\" ><div id=\"pgc-1450-6-0\"  class=\"panel-grid-cell panel-grid-cell-empty\" ><\/div><div id=\"pgc-1450-6-1\"  class=\"panel-grid-cell panel-grid-cell-mobile-last\" ><div id=\"panel-1450-6-1-0\" class=\"so-panel widget widget_sow-editor panel-first-child panel-last-child\" data-index=\"11\" ><div\n\t\t\t\n\t\t\tclass=\"so-widget-sow-editor so-widget-sow-editor-base\"\n\t\t\t\n\t\t>\n<div class=\"siteorigin-widget-tinymce textwidget\">\n\t\n<table id=\"tablepress-1\" class=\"tablepress tablepress-id-1\">\n<thead>\n<tr class=\"row-1 odd\">\n\t<th class=\"column-1\">Category<\/th><th class=\"column-2\">Comments (examples)<\/th>\n<\/tr>\n<\/thead>\n<tbody>\n<tr class=\"row-2 even\">\n\t<td class=\"column-1\">Anticipation and reaction (13)<\/td><td class=\"column-2\">\u201cYou can see quicker that the vehicle is braking\u201d<br \/>\n\u201cYou can respond more quickly to the braking of other road users.\u201d<\/td>\n<\/tr>\n<tr class=\"row-3 odd\">\n\t<td class=\"column-1\">General positive comments (10)<\/td><td class=\"column-2\">\u201cThat was very good.\u201c<br \/>\n\u201cGood idea.\u201c<\/td>\n<\/tr>\n<tr class=\"row-4 even\">\n\t<td class=\"column-1\">Visibility (10)<\/td><td class=\"column-2\">\u201cGood. I expect it to be even more positive in winter.\u201d<br \/>\n\u201cThe version currently used on vehicles does not dazzle, but is very clearly visible.\u201c<\/td>\n<\/tr>\n<tr class=\"row-5 odd\">\n\t<td class=\"column-1\">Feeling of safety (7)<\/td><td class=\"column-2\">\u201cAs a road user, you feel safer.\u201d<br \/>\n\u201cSafety has increased.\u201c<\/td>\n<\/tr>\n<tr class=\"row-6 even\">\n\t<td class=\"column-1\">Communication (3)<\/td><td class=\"column-2\">\u201cImproved communication among road users.\u201d<br \/>\n\u201cThe flow of traffic has improved.\u201d<\/td>\n<\/tr>\n<tr class=\"row-7 odd\">\n\t<td class=\"column-1\">Colour (3)<\/td><td class=\"column-2\">\u201cColour is noticeable.\u201d<\/td>\n<\/tr>\n<tr class=\"row-8 even\">\n\t<td class=\"column-1\">Parking (1)<\/td><td class=\"column-2\">\u201cThe Front Brake Light helped with parking\u201d<\/td>\n<\/tr>\n<tr class=\"row-9 odd\">\n\t<td class=\"column-1\">Other (7)<\/td><td class=\"column-2\">\u201cVehicles of other companies should also be equipped.\u201d<br \/>\n\u201cYou have to get used to it.\u201c<\/td>\n<\/tr>\n<\/tbody>\n<\/table>\n<!-- #tablepress-1 from cache -->\n<\/div>\n<\/div><\/div><\/div><div id=\"pgc-1450-6-2\"  class=\"panel-grid-cell panel-grid-cell-empty\" ><\/div><\/div><\/div><div id=\"pg-1450-7\"  class=\"panel-grid panel-has-style\" ><div class=\"siteorigin-panels-stretch panel-row-style panel-row-style-for-1450-7\" data-stretch-type=\"full-stretched\" ><div id=\"pgc-1450-7-0\"  class=\"panel-grid-cell\" ><div id=\"panel-1450-7-0-0\" class=\"so-panel widget widget_text panel-first-child panel-last-child\" data-index=\"12\" >\t\t\t<div class=\"textwidget\"><div class=\"section video-block\">\n    <div class=\"video\"><video id=\"background-video\" autoplay loop muted poster=\"\/wp-content\/uploads\/2023\/09\/product.jpg\">\n        <source src=\"\/wp-content\/uploads\/2023\/11\/Preview-video_2-3.mp4\" type=\"video\/mp4\"><\/video>\n    <\/div> \n    <div class=\"video-overlay\"><\/div>\n\n<div class=\"row in-grid\">\n    <div class=\"columns-wrapper\">\n        <div class=\"col-12\">\n        <p class=\"subtitle-top\">Bremslicht vorne<\/p>\n        <h2>Ein Produkt, <br>das Leben rettet<\/h2>\n        <\/div>\n    <\/div>\n    <div class=\"columns-wrapper\">\n        <div class=\"col-6\"><\/div>\n        <div class=\"col-6 corners-block\">\n            <div id=\"top-left\" class=\"corner\"><\/div>\n            <div id=\"top-right\" class=\"corner\"><\/div>\n            <div id=\"bottom-right\" class=\"corner\"><\/div>\n            <div id=\"bottom-left\" class=\"corner\"><\/div>\n            <p>Das vordere Bremslicht sollte als zus\u00e4tzliche, kosteng\u00fcnstige und einfach umsetzbare Ma\u00dfnahme zur Reduzierung von Verkehrsunf\u00e4llen anerkannt werden, nicht zuletzt im Hinblick auf die Reduzierung des tats\u00e4chlichen Risikos f\u00fcr Fu\u00dfg\u00e4nger.<\/p>\n            <div class=\"divider-line\"><\/div>\n            <div class=\"video-cta\">\n                <a class=\"video-link\" href=\"https:\/\/www.youtube.com\/watch?v=q_svOMceAq0\" target=\"blank\">Vollst\u00e4ndiges Video<br>abspielen (3:38 min)<\/a>\n                <a class=\"fbl-button\" href=\"https:\/\/www.frontbrakelights.com\/de\/wissenschaft-und-forschung\/\">Forschungen<\/a>\n            <\/div>\n\n        <\/div>\n    <\/div>\n<\/div>\n\n<\/div>\n\n<\/div>\n\t\t<\/div><\/div><\/div><\/div><div id=\"pg-1450-8\"  class=\"panel-grid panel-has-style\" ><div class=\"panel-row-style panel-row-style-for-1450-8\" ><div id=\"pgc-1450-8-0\"  class=\"panel-grid-cell\" ><div id=\"panel-1450-8-0-0\" class=\"so-panel widget widget_siteorigin-panels-builder panel-first-child panel-last-child\" data-index=\"13\" ><div class=\"border panel-widget-style panel-widget-style-for-1450-8-0-0\" ><div id=\"pl-w65658d6a5c75d\"  class=\"panel-layout\" ><div id=\"pg-w65658d6a5c75d-0\"  class=\"panel-grid panel-no-style\" ><div id=\"pgc-w65658d6a5c75d-0-0\"  class=\"panel-grid-cell\" ><div id=\"panel-w65658d6a5c75d-0-0-0\" class=\"so-panel widget widget_sow-editor panel-first-child panel-last-child\" data-index=\"0\" ><div\n\t\t\t\n\t\t\tclass=\"so-widget-sow-editor so-widget-sow-editor-base\"\n\t\t\t\n\t\t>\n<div class=\"siteorigin-widget-tinymce textwidget\">\n\t<h3>Wissenschaft und Forschung<br \/>\ndes vorderen Bremslichts<\/h3>\n<div><a class=\"fbl-button\" href=\"https:\/\/www.frontbrakelights.com\/de\/wissenschaft-und-forschung\/\">Entdecken<\/a><\/div>\n<\/div>\n<\/div><\/div><\/div><\/div><\/div><\/div><\/div><\/div><div id=\"pgc-1450-8-1\"  class=\"panel-grid-cell\" ><div id=\"panel-1450-8-1-0\" class=\"so-panel widget widget_siteorigin-panels-builder panel-first-child panel-last-child\" data-index=\"14\" ><div class=\"border panel-widget-style panel-widget-style-for-1450-8-1-0\" ><div id=\"pl-w6564934689218\"  class=\"panel-layout\" ><div id=\"pg-w6564934689218-0\"  class=\"panel-grid panel-no-style\" ><div id=\"pgc-w6564934689218-0-0\"  class=\"panel-grid-cell\" ><div id=\"panel-w6564934689218-0-0-0\" class=\"so-panel widget widget_sow-editor panel-first-child panel-last-child\" data-index=\"0\" ><div\n\t\t\t\n\t\t\tclass=\"so-widget-sow-editor so-widget-sow-editor-base\"\n\t\t\t\n\t\t>\n<div class=\"siteorigin-widget-tinymce textwidget\">\n\t<h3>Haben Sie Fragen zum Thema Vorderes Bremslicht? <a style=\"color: #70e000;\" href=\".\/contact\">Kontaktiere uns.<\/a><\/h3>\n<div><a class=\"fbl-button\" href=\".\/kontaktiere-uns\/\">Kontakt Formular<\/a><\/div>\n<\/div>\n<\/div><\/div><\/div><\/div><\/div><\/div><\/div><\/div><\/div><\/div><\/div>","protected":false},"excerpt":{"rendered":"<p>Der Stra\u00dfenverkehr ist f\u00fcr fast alle Mitglieder der Gesellschaft ein Teil des Alltags. Deshalb ist die Verkehrssicherheit ein allgegenw\u00e4rtiges Problem, dessen Bedeutung mit der zunehmenden Verkehrsdichte auf den Stra\u00dfen w\u00e4chst. Laut der Verkehrssicherheitsstudie &#8222;Runter vom Gas&#8220; sind von einem Verkehrsunfallopfer durchschnittlich bis zu 113 weitere Personen betroffen. Dabei handelt es sich um Familienmitglieder, Freunde, Bekannte <a href=\"https:\/\/www.frontbrakelights.com\/de\/ueber-dasvordere-bremslicht\/\" class=\"more-link\">&#8230;<span class=\"screen-reader-text\">  \u00dcber das &lt;br&gt;vordere Bremslicht<\/span><\/a><\/p>\n","protected":false},"author":4,"featured_media":1228,"parent":0,"menu_order":0,"comment_status":"closed","ping_status":"closed","template":"","meta":{"inline_featured_image":false,"footnotes":""},"class_list":["post-1450","page","type-page","status-publish","has-post-thumbnail","hentry"],"acf":[],"yoast_head":"<!-- This site is optimized with the Yoast SEO plugin v21.5 - https:\/\/yoast.com\/wordpress\/plugins\/seo\/ -->\n<title>\u00dcber das vordere Bremslicht - BREMSLICHT VORNE - Offizielle Seite<\/title>\n<meta name=\"robots\" content=\"index, follow, max-snippet:-1, max-image-preview:large, max-video-preview:-1\" \/>\n<link rel=\"canonical\" href=\"https:\/\/www.frontbrakelights.com\/de\/ueber-dasvordere-bremslicht\/\" \/>\n<meta property=\"og:locale\" content=\"de_DE\" \/>\n<meta property=\"og:type\" content=\"article\" \/>\n<meta property=\"og:title\" content=\"\u00dcber das vordere Bremslicht - BREMSLICHT VORNE - Offizielle Seite\" \/>\n<meta property=\"og:description\" content=\"Der Stra\u00dfenverkehr ist f\u00fcr fast alle Mitglieder der Gesellschaft ein Teil des Alltags. Deshalb ist die Verkehrssicherheit ein allgegenw\u00e4rtiges Problem, dessen Bedeutung mit der zunehmenden Verkehrsdichte auf den Stra\u00dfen w\u00e4chst. Laut der Verkehrssicherheitsstudie &quot;Runter vom Gas&quot; sind von einem Verkehrsunfallopfer durchschnittlich bis zu 113 weitere Personen betroffen. Dabei handelt es sich um Familienmitglieder, Freunde, Bekannte ... \u00dcber das &lt;br&gt;vordere Bremslicht\" \/>\n<meta property=\"og:url\" content=\"https:\/\/www.frontbrakelights.com\/de\/ueber-dasvordere-bremslicht\/\" \/>\n<meta property=\"og:site_name\" content=\"BREMSLICHT VORNE - Offizielle Seite\" \/>\n<meta property=\"article:publisher\" content=\"https:\/\/www.facebook.com\/profile.php?id=61552622936436\" \/>\n<meta property=\"article:modified_time\" content=\"2023-11-28T11:08:06+00:00\" \/>\n<meta property=\"og:image\" content=\"https:\/\/www.frontbrakelights.com\/wp-content\/uploads\/2023\/11\/Daniel_Bercel_predne_brzdove_svetlo.png\" \/>\n\t<meta property=\"og:image:width\" content=\"2500\" \/>\n\t<meta property=\"og:image:height\" content=\"1401\" \/>\n\t<meta property=\"og:image:type\" content=\"image\/png\" \/>\n<meta name=\"twitter:card\" content=\"summary_large_image\" \/>\n<meta name=\"twitter:label1\" content=\"Gesch\u00e4tzte Lesezeit\" \/>\n\t<meta name=\"twitter:data1\" content=\"3\u00a0Minuten\" \/>\n<script type=\"application\/ld+json\" class=\"yoast-schema-graph\">{\"@context\":\"https:\/\/schema.org\",\"@graph\":[{\"@type\":\"WebPage\",\"@id\":\"https:\/\/www.frontbrakelights.com\/de\/ueber-dasvordere-bremslicht\/\",\"url\":\"https:\/\/www.frontbrakelights.com\/de\/ueber-dasvordere-bremslicht\/\",\"name\":\"\u00dcber das vordere Bremslicht - BREMSLICHT VORNE - Offizielle Seite\",\"isPartOf\":{\"@id\":\"https:\/\/www.frontbrakelights.com\/de\/#website\"},\"datePublished\":\"2023-11-15T08:47:30+00:00\",\"dateModified\":\"2023-11-28T11:08:06+00:00\",\"breadcrumb\":{\"@id\":\"https:\/\/www.frontbrakelights.com\/de\/ueber-dasvordere-bremslicht\/#breadcrumb\"},\"inLanguage\":\"de\",\"potentialAction\":[{\"@type\":\"ReadAction\",\"target\":[\"https:\/\/www.frontbrakelights.com\/de\/ueber-dasvordere-bremslicht\/\"]}]},{\"@type\":\"BreadcrumbList\",\"@id\":\"https:\/\/www.frontbrakelights.com\/de\/ueber-dasvordere-bremslicht\/#breadcrumb\",\"itemListElement\":[{\"@type\":\"ListItem\",\"position\":1,\"name\":\"Home\",\"item\":\"https:\/\/www.frontbrakelights.com\/de\/\"},{\"@type\":\"ListItem\",\"position\":2,\"name\":\"\u00dcber das vordere Bremslicht\"}]},{\"@type\":\"WebSite\",\"@id\":\"https:\/\/www.frontbrakelights.com\/de\/#website\",\"url\":\"https:\/\/www.frontbrakelights.com\/de\/\",\"name\":\"Front brake light\",\"description\":\"Front brake light\",\"potentialAction\":[{\"@type\":\"SearchAction\",\"target\":{\"@type\":\"EntryPoint\",\"urlTemplate\":\"https:\/\/www.frontbrakelights.com\/de\/?s={search_term_string}\"},\"query-input\":\"required name=search_term_string\"}],\"inLanguage\":\"de\"}]}<\/script>\n<!-- \/ Yoast SEO plugin. -->","yoast_head_json":{"title":"\u00dcber das vordere Bremslicht - BREMSLICHT VORNE - Offizielle Seite","robots":{"index":"index","follow":"follow","max-snippet":"max-snippet:-1","max-image-preview":"max-image-preview:large","max-video-preview":"max-video-preview:-1"},"canonical":"https:\/\/www.frontbrakelights.com\/de\/ueber-dasvordere-bremslicht\/","og_locale":"de_DE","og_type":"article","og_title":"\u00dcber das vordere Bremslicht - BREMSLICHT VORNE - Offizielle Seite","og_description":"Der Stra\u00dfenverkehr ist f\u00fcr fast alle Mitglieder der Gesellschaft ein Teil des Alltags. Deshalb ist die Verkehrssicherheit ein allgegenw\u00e4rtiges Problem, dessen Bedeutung mit der zunehmenden Verkehrsdichte auf den Stra\u00dfen w\u00e4chst. Laut der Verkehrssicherheitsstudie \"Runter vom Gas\" sind von einem Verkehrsunfallopfer durchschnittlich bis zu 113 weitere Personen betroffen. Dabei handelt es sich um Familienmitglieder, Freunde, Bekannte ... \u00dcber das &lt;br&gt;vordere Bremslicht","og_url":"https:\/\/www.frontbrakelights.com\/de\/ueber-dasvordere-bremslicht\/","og_site_name":"BREMSLICHT VORNE - Offizielle Seite","article_publisher":"https:\/\/www.facebook.com\/profile.php?id=61552622936436","article_modified_time":"2023-11-28T11:08:06+00:00","og_image":[{"width":2500,"height":1401,"url":"https:\/\/www.frontbrakelights.com\/wp-content\/uploads\/2023\/11\/Daniel_Bercel_predne_brzdove_svetlo.png","type":"image\/png"}],"twitter_card":"summary_large_image","twitter_misc":{"Gesch\u00e4tzte Lesezeit":"3\u00a0Minuten"},"schema":{"@context":"https:\/\/schema.org","@graph":[{"@type":"WebPage","@id":"https:\/\/www.frontbrakelights.com\/de\/ueber-dasvordere-bremslicht\/","url":"https:\/\/www.frontbrakelights.com\/de\/ueber-dasvordere-bremslicht\/","name":"\u00dcber das vordere Bremslicht - BREMSLICHT VORNE - Offizielle Seite","isPartOf":{"@id":"https:\/\/www.frontbrakelights.com\/de\/#website"},"datePublished":"2023-11-15T08:47:30+00:00","dateModified":"2023-11-28T11:08:06+00:00","breadcrumb":{"@id":"https:\/\/www.frontbrakelights.com\/de\/ueber-dasvordere-bremslicht\/#breadcrumb"},"inLanguage":"de","potentialAction":[{"@type":"ReadAction","target":["https:\/\/www.frontbrakelights.com\/de\/ueber-dasvordere-bremslicht\/"]}]},{"@type":"BreadcrumbList","@id":"https:\/\/www.frontbrakelights.com\/de\/ueber-dasvordere-bremslicht\/#breadcrumb","itemListElement":[{"@type":"ListItem","position":1,"name":"Home","item":"https:\/\/www.frontbrakelights.com\/de\/"},{"@type":"ListItem","position":2,"name":"\u00dcber das vordere Bremslicht"}]},{"@type":"WebSite","@id":"https:\/\/www.frontbrakelights.com\/de\/#website","url":"https:\/\/www.frontbrakelights.com\/de\/","name":"Front brake light","description":"Front brake light","potentialAction":[{"@type":"SearchAction","target":{"@type":"EntryPoint","urlTemplate":"https:\/\/www.frontbrakelights.com\/de\/?s={search_term_string}"},"query-input":"required name=search_term_string"}],"inLanguage":"de"}]}},"_links":{"self":[{"href":"https:\/\/www.frontbrakelights.com\/de\/wp-json\/wp\/v2\/pages\/1450","targetHints":{"allow":["GET"]}}],"collection":[{"href":"https:\/\/www.frontbrakelights.com\/de\/wp-json\/wp\/v2\/pages"}],"about":[{"href":"https:\/\/www.frontbrakelights.com\/de\/wp-json\/wp\/v2\/types\/page"}],"author":[{"embeddable":true,"href":"https:\/\/www.frontbrakelights.com\/de\/wp-json\/wp\/v2\/users\/4"}],"replies":[{"embeddable":true,"href":"https:\/\/www.frontbrakelights.com\/de\/wp-json\/wp\/v2\/comments?post=1450"}],"version-history":[{"count":9,"href":"https:\/\/www.frontbrakelights.com\/de\/wp-json\/wp\/v2\/pages\/1450\/revisions"}],"predecessor-version":[{"id":1681,"href":"https:\/\/www.frontbrakelights.com\/de\/wp-json\/wp\/v2\/pages\/1450\/revisions\/1681"}],"wp:featuredmedia":[{"embeddable":true,"href":"https:\/\/www.frontbrakelights.com\/de\/wp-json\/wp\/v2\/media\/1228"}],"wp:attachment":[{"href":"https:\/\/www.frontbrakelights.com\/de\/wp-json\/wp\/v2\/media?parent=1450"}],"curies":[{"name":"wp","href":"https:\/\/api.w.org\/{rel}","templated":true}]}}